{"id":9261,"date":"2022-05-02T15:50:20","date_gmt":"2022-05-02T13:50:20","guid":{"rendered":"https:\/\/report-youthhostel.ch\/2025\/?page_id=9261"},"modified":"2025-06-04T15:04:52","modified_gmt":"2025-06-04T13:04:52","slug":"corporate-governance","status":"publish","type":"page","link":"https:\/\/report-youthhostel.ch\/2024\/fokus-2024\/corporate-governance\/","title":{"rendered":"Corporate Governance"},"content":{"rendered":"\t\t<div data-elementor-type=\"wp-page\" data-elementor-id=\"9261\" class=\"elementor elementor-9261\" data-elementor-post-type=\"page\">\n\t\t\t\t<div class=\"elementor-element elementor-element-336527c e-flex e-con-boxed e-con e-parent\" data-id=\"336527c\" data-element_type=\"container\" data-settings=\"{&quot;background_background&quot;:&quot;classic&quot;,&quot;jet_parallax_layout_list&quot;:[]}\">\n\t\t\t\t\t<div class=\"e-con-inner\">\n\t\t<div class=\"elementor-element elementor-element-21f2b0a e-flex e-con-boxed e-con e-child\" data-id=\"21f2b0a\" data-element_type=\"container\" data-settings=\"{&quot;jet_parallax_layout_list&quot;:[]}\">\n\t\t\t\t\t<div class=\"e-con-inner\">\n\t\t\t\t<div class=\"elementor-element elementor-element-239ae4e elementor-widget elementor-widget-heading\" data-id=\"239ae4e\" data-element_type=\"widget\" id=\"subtitle-underline\" data-widget_type=\"heading.default\">\n\t\t\t\t<div class=\"elementor-widget-container\">\n\t\t\t\t\t<p class=\"elementor-heading-title elementor-size-default\">Corporate Governance<\/p>\t\t\t\t<\/div>\n\t\t\t\t<\/div>\n\t\t\t\t<div class=\"elementor-element elementor-element-da8653b elementor-widget elementor-widget-heading\" data-id=\"da8653b\" data-element_type=\"widget\" data-widget_type=\"heading.default\">\n\t\t\t\t<div class=\"elementor-widget-container\">\n\t\t\t\t\t<h1 class=\"elementor-heading-title elementor-size-default\">Grunds\u00e4tze der Unternehmensf\u00fchrung<\/h1>\t\t\t\t<\/div>\n\t\t\t\t<\/div>\n\t\t\t\t<div class=\"elementor-element elementor-element-b73e2c9 elementor-widget elementor-widget-heading\" data-id=\"b73e2c9\" data-element_type=\"widget\" data-widget_type=\"heading.default\">\n\t\t\t\t<div class=\"elementor-widget-container\">\n\t\t\t\t\t<p class=\"elementor-heading-title elementor-size-default\">Dank unseren nationalen und internationalen Partnerschaften bieten wir einen echten Mehrwert f\u00fcr alle. Wir machen einen Unterschied, indem wir gemeinsam Ideen ausarbeiten und die gleichen Ziele verfolgen.\nUnsere \u00dcberzeugungen, Ziele und Resultate zeigen wir der \u00d6ffentlichkeit transparent und grundehrlich.\n<\/p>\t\t\t\t<\/div>\n\t\t\t\t<\/div>\n\t\t\t\t\t<\/div>\n\t\t\t\t<\/div>\n\t\t\t\t\t<\/div>\n\t\t\t\t<\/div>\n\t\t<div class=\"elementor-element elementor-element-9b67506 e-con-full e-flex e-con e-parent\" data-id=\"9b67506\" data-element_type=\"container\" data-settings=\"{&quot;background_background&quot;:&quot;classic&quot;,&quot;jet_parallax_layout_list&quot;:[]}\">\n\t\t\t\t<\/div>\n\t\t<div class=\"elementor-element elementor-element-58526f6 e-flex e-con-boxed e-con e-parent\" data-id=\"58526f6\" data-element_type=\"container\" data-settings=\"{&quot;jet_parallax_layout_list&quot;:[]}\">\n\t\t\t\t\t<div class=\"e-con-inner\">\n\t\t\t\t<div class=\"elementor-element elementor-element-77efb3c elementor-widget elementor-widget-text-editor\" data-id=\"77efb3c\" data-element_type=\"widget\" data-widget_type=\"text-editor.default\">\n\t\t\t\t<div class=\"elementor-widget-container\">\n\t\t\t\t\t\t\t\t\t<p>Jugendherberge Brugg<\/p>\t\t\t\t\t\t\t\t<\/div>\n\t\t\t\t<\/div>\n\t\t\t\t\t<\/div>\n\t\t\t\t<\/div>\n\t\t<div class=\"elementor-element elementor-element-b7aef94 e-flex e-con-boxed e-con e-parent\" data-id=\"b7aef94\" data-element_type=\"container\" data-settings=\"{&quot;jet_parallax_layout_list&quot;:[]}\">\n\t\t\t\t\t<div class=\"e-con-inner\">\n\t\t\t\t<div class=\"elementor-element elementor-element-b5f004b elementor-widget elementor-widget-text-editor\" data-id=\"b5f004b\" data-element_type=\"widget\" data-widget_type=\"text-editor.default\">\n\t\t\t\t<div class=\"elementor-widget-container\">\n\t\t\t\t\t\t\t\t\t<p>Die Corporate Governance-Richtlinien der Schweizer Jugendherbergen bestehen aus den Statuten, dem Organisationsreglement (OGR), dem Code of Conduct (CoC) und dem Reglement der Mitarbeitendenkommission. Sie bilden die Basis f\u00fcr eine wirkungsvolle und effiziente Governance, die sich an den Vorgaben des Swiss Code of Best Practice for Corporate Governance orientiert.<\/p><p>Die Rechnungslegung erfolgt in \u00dcbereinstimmung mit den Fachempfehlungen zur Rechnungslegung (Swiss GAAP FER) und vermittelt ein, den tats\u00e4chlichen Verh\u00e4ltnissen entsprechendes, Bild der Verm\u00f6gens-, Finanz- und Ertragslage. Um die \u00dcbereinstimmung des Jahresabschlusses der Organisation mit den anzuwendenden Rechnungslegungsregeln und die Ordnungsm\u00e4ssigkeit der Berichterstattung zu gew\u00e4hrleisten, haben Vorstand und Management Team interne Vorkehrungen getroffen. Es ist ein funktionierendes internes Kontrollsystem implementiert.<\/p>\t\t\t\t\t\t\t\t<\/div>\n\t\t\t\t<\/div>\n\t\t\t\t\t<\/div>\n\t\t\t\t<\/div>\n\t\t<div class=\"elementor-element elementor-element-dc9aa24 e-flex e-con-boxed e-con e-parent\" data-id=\"dc9aa24\" data-element_type=\"container\" data-settings=\"{&quot;jet_parallax_layout_list&quot;:[]}\">\n\t\t\t\t\t<div class=\"e-con-inner\">\n\t\t\t\t<div class=\"elementor-element elementor-element-b890fd2 elementor-widget elementor-widget-image\" data-id=\"b890fd2\" data-element_type=\"widget\" data-widget_type=\"image.default\">\n\t\t\t\t<div class=\"elementor-widget-container\">\n\t\t\t\t\t\t\t\t\t\t\t\t\t\t\t\t<a href=\"https:\/\/report-youthhostel.ch\/2025\/wp-content\/uploads\/2025_Organigramm_SJH_D_Web.jpg\" data-elementor-open-lightbox=\"yes\" data-e-action-hash=\"#elementor-action%3Aaction%3Dlightbox%26settings%3DeyJpZCI6MTc3MTcsInVybCI6Imh0dHBzOlwvXC9yZXBvcnQteW91dGhob3N0ZWwuY2hcLzIwMjRcL3dwLWNvbnRlbnRcL3VwbG9hZHNcL3NpdGVzXC82XC8yMDI1X09yZ2FuaWdyYW1tX1NKSF9EX1dlYi5qcGcifQ%3D%3D\">\n\t\t\t\t\t\t\t<img fetchpriority=\"high\" decoding=\"async\" width=\"1920\" height=\"1358\" src=\"https:\/\/report-youthhostel.ch\/2024\/wp-content\/uploads\/sites\/6\/2025_Organigramm_SJH_D_Web.jpg\" class=\"attachment-full size-full wp-image-17717\" alt=\"\" srcset=\"https:\/\/report-youthhostel.ch\/2024\/wp-content\/uploads\/sites\/6\/2025_Organigramm_SJH_D_Web.jpg 1920w, https:\/\/report-youthhostel.ch\/2024\/wp-content\/uploads\/sites\/6\/2025_Organigramm_SJH_D_Web-768x543.jpg 768w, https:\/\/report-youthhostel.ch\/2024\/wp-content\/uploads\/sites\/6\/2025_Organigramm_SJH_D_Web-1536x1086.jpg 1536w\" sizes=\"(max-width: 1920px) 100vw, 1920px\" \/>\t\t\t\t\t\t\t\t<\/a>\n\t\t\t\t\t\t\t\t\t\t\t\t\t\t\t<\/div>\n\t\t\t\t<\/div>\n\t\t<div class=\"elementor-element elementor-element-431f7c5 e-con-full e-flex e-con e-child\" data-id=\"431f7c5\" data-element_type=\"container\" data-settings=\"{&quot;jet_parallax_layout_list&quot;:[]}\">\n\t\t\t\t<div class=\"elementor-element elementor-element-3997349 elementor-widget elementor-widget-text-editor\" data-id=\"3997349\" data-element_type=\"widget\" data-widget_type=\"text-editor.default\">\n\t\t\t\t<div class=\"elementor-widget-container\">\n\t\t\t\t\t\t\t\t\t<p>Stand April 2025<\/p>\t\t\t\t\t\t\t\t<\/div>\n\t\t\t\t<\/div>\n\t\t\t\t<\/div>\n\t\t\t\t\t<\/div>\n\t\t\t\t<\/div>\n\t\t<div class=\"elementor-element elementor-element-e623f98 e-flex e-con-boxed e-con e-parent\" data-id=\"e623f98\" data-element_type=\"container\" data-settings=\"{&quot;jet_parallax_layout_list&quot;:[]}\">\n\t\t\t\t\t<div class=\"e-con-inner\">\n\t\t\t\t<div class=\"elementor-element elementor-element-51f6afa elementor-widget elementor-widget-heading\" data-id=\"51f6afa\" data-element_type=\"widget\" data-widget_type=\"heading.default\">\n\t\t\t\t<div class=\"elementor-widget-container\">\n\t\t\t\t\t<h2 class=\"elementor-heading-title elementor-size-default\">Vereinsorgane<\/h2>\t\t\t\t<\/div>\n\t\t\t\t<\/div>\n\t\t\t\t<div class=\"elementor-element elementor-element-d573f6c elementor-widget elementor-widget-text-editor\" data-id=\"d573f6c\" data-element_type=\"widget\" data-widget_type=\"text-editor.default\">\n\t\t\t\t<div class=\"elementor-widget-container\">\n\t\t\t\t\t\t\t\t\t<p>Stand 1. April 2025<\/p>\t\t\t\t\t\t\t\t<\/div>\n\t\t\t\t<\/div>\n\t\t\t\t<div class=\"elementor-element elementor-element-d262764 elementor-widget elementor-widget-text-editor\" data-id=\"d262764\" data-element_type=\"widget\" data-widget_type=\"text-editor.default\">\n\t\t\t\t<div class=\"elementor-widget-container\">\n\t\t\t\t\t\t\t\t\t<h3><span style=\"color: #5091cd;\">Hostel Manager*innen (eigene Betriebe)<\/span><b><br \/><\/b><\/h3><p><span style=\"color: #5091cd;\">Adamer<\/span> Andrea, Mariastein <span style=\"white-space: nowrap; color: #5091cd;\">|<\/span> <span style=\"color: #5091cd;\">Anthamatten<\/span> Chantal, Saas-Fee <span style=\"white-space: nowrap; color: #5091cd;\">|<\/span><span style=\"color: #5091cd;\">\u00a0Ashenafi<\/span> Nathnael, Z\u00fcrich <span style=\"white-space: nowrap; color: #5091cd;\">|<\/span> <span style=\"color: #5091cd;\">Bouffey<\/span> Philippe, Lausanne <span style=\"white-space: nowrap; color: #5091cd;\">|<\/span> <span style=\"color: #5091cd;\">Brogle<\/span> Tanja, Sils im Domleschg <span style=\"white-space: nowrap; color: #5091cd;\">|<\/span> <span style=\"color: #5091cd;\">Burgener<\/span> Theres, Leissigen <span style=\"white-space: nowrap; color: #5091cd;\">|<\/span> <span style=\"color: #5091cd;\">Casanova<\/span> Nadia, Davos <span style=\"white-space: nowrap; color: #5091cd;\">|<\/span> <span style=\"color: #5091cd;\">Chauvet<\/span> Charlie, Avenches <span style=\"white-space: nowrap; color: #5091cd;\">|<\/span> <span style=\"color: #5091cd;\">Dor\u00e9<\/span> Gr\u00e9gory, Avenches <span style=\"white-space: nowrap; color: #5091cd;\">|<\/span> <span style=\"color: #5091cd;\">Egli<\/span> Esther, Locarno <span style=\"white-space: nowrap; color: #5091cd;\">|<\/span> <span style=\"color: #5091cd;\">Fahni <span style=\"color: #000000;\">Doris, Beinwil am S<\/span><\/span>ee <span style=\"white-space: nowrap; color: #5091cd;\">|<\/span><span style=\"color: #5091cd;\">\u00a0Forestier <span style=\"color: #000000;\">Alexandra, Mo<\/span><\/span>ntreux<span style=\"color: #5091cd;\"> | <\/span><span style=\"color: #5091cd;\">Frenkel<\/span> Jan, Valbella <span style=\"white-space: nowrap; color: #5091cd;\">|<\/span> <span style=\"color: #5091cd;\">Gabathuler<\/span> Heinrich, Burgdorf <span style=\"white-space: nowrap; color: #5091cd;\">|<\/span> <span style=\"color: #5091cd;\">G\u00e4nger<\/span> Florian, Bern <span style=\"white-space: nowrap; color: #5091cd;\">| H\u00e4ntschel<\/span> Tim, Saanen-Gstaad <span style=\"white-space: nowrap; color: #5091cd;\">| <\/span><span style=\"color: #5091cd;\">Jurscha<\/span> Nastasia, Kreuzlingen <span style=\"white-space: nowrap; color: #5091cd;\">|<\/span> <span style=\"color: #5091cd;\">K\u00e4ser<\/span> Martin, F\u00e4llanden <span style=\"white-space: nowrap; color: #5091cd;\">|<\/span> <span style=\"color: #5091cd;\">Klein<\/span> Lukas, Grindelwald <span style=\"white-space: nowrap; color: #5091cd;\">|<\/span><span style=\"color: #5091cd;\">\u00a0Koch<\/span> Adrian, Schaan-Vaduz <span style=\"white-space: nowrap; color: #5091cd;\">|<\/span> <span style=\"color: #5091cd;\">Koch<\/span> Isabelle, Schaan-Vaduz <span style=\"white-space: nowrap; color: #5091cd;\">|<\/span><span style=\"color: #5091cd;\">\u00a0K\u00f6ppe <span style=\"color: #000000;\">Mario, Brien<\/span><\/span>z <span style=\"white-space: nowrap; color: #5091cd;\">|<\/span> <span style=\"color: #5091cd;\">Krehhahn<\/span> Stefanie, Laax <span style=\"white-space: nowrap; color: #5091cd;\">|<\/span> <span style=\"color: #5091cd;\">Krezdorn<\/span> Saba, Brugg <span style=\"white-space: nowrap; color: #5091cd;\">|<\/span> <span style=\"color: #5091cd;\">Marti<\/span> Daniel, Richterswil <span style=\"white-space: nowrap; color: #5091cd;\">|<\/span> <span style=\"color: #5091cd;\">Meinhardt<\/span> Sirko, Schaffhausen <span style=\"white-space: nowrap; color: #5091cd;\">|<\/span><span style=\"color: #5091cd;\">\u00a0Milani<\/span> Cl\u00e9ment, Del\u00e9mont <span style=\"white-space: nowrap; color: #5091cd;\">|<\/span> <span style=\"color: #5091cd;\">Moret <span style=\"color: #000000;\">Anouk, Martig<\/span><\/span>ny <span style=\"white-space: nowrap; color: #5091cd;\">|<\/span> <span style=\"color: #5091cd;\">M\u00fcggler <span style=\"color: #000000;\">Claudine, Bad<\/span><\/span>en <span style=\"white-space: nowrap; color: #5091cd;\">|<\/span> <span style=\"color: #5091cd;\">M\u00fcller<\/span> Tanja, Richterswil <span style=\"white-space: nowrap; color: #5091cd;\">|<\/span> <span style=\"color: #5091cd;\">M\u00fcller<\/span> Tobias, St. Moritz <span style=\"white-space: nowrap; color: #5091cd;\">|<\/span> <span style=\"color: #5091cd;\">Oertel <span style=\"color: #000000;\">Heike, Pontresin<\/span><\/span>a <span style=\"white-space: nowrap; color: #5091cd;\">|<\/span> <span style=\"color: #5091cd;\">Oswald <span style=\"color: #000000;\">Lionel, Montre<\/span><\/span>ux <span style=\"white-space: nowrap; color: #5091cd;\">|<\/span> <span style=\"color: #5091cd;\">Palme<\/span> Sabine, Zug <span style=\"white-space: nowrap; color: #5091cd;\">|<\/span> <span style=\"color: #5091cd;\">Pecoraro <span style=\"color: #000000;\">Lorena, Zermatt<\/span> <span style=\"white-space: nowrap; color: #5091cd;\">| <\/span>Penwell<\/span> Christoph, Rapperswil-Jona <span style=\"white-space: nowrap; color: #5091cd;\">|<\/span> <span style=\"color: #5091cd;\">Penwell<\/span> Michelle, Rapperswil-Jona <span style=\"white-space: nowrap; color: #5091cd;\">|<\/span> <span style=\"color: #5091cd;\">R\u00e4hmi<\/span> Patrick, Stein am Rhein <span style=\"white-space: nowrap; color: #5091cd;\">|<\/span> <span style=\"color: #5091cd;\">Sadiku<\/span> Bekim, Luzern <span style=\"white-space: nowrap; color: #5091cd;\">|<\/span> <span style=\"color: #5091cd;\">Scherler<\/span> Andrea, Bern <span style=\"white-space: nowrap; color: #5091cd;\">|<\/span> <span style=\"color: #5091cd;\">Sigrist<\/span> Pascal, Davos <span style=\"white-space: nowrap; color: #5091cd;\">|<\/span> <span style=\"color: #5091cd;\">Truttmann-Burckhardt<\/span> Daniela, Seelisberg <span style=\"color: #5091cd;\">| Untern\u00e4hrer <span style=\"color: #000000;\">Delia, Zerma<\/span><\/span>tt <span style=\"white-space: nowrap; color: #5091cd;\">|<\/span> <span style=\"color: #5091cd;\">Urbanski<\/span> Isabel, Engelberg <span style=\"white-space: nowrap; color: #5091cd;\">|<\/span> <span style=\"color: #5091cd;\">Warnke <span style=\"color: #000000;\">Mandy, St. Gallen<\/span><\/span> <span style=\"white-space: nowrap; color: #5091cd;\">|<\/span> <span style=\"color: #5091cd;\">Westerlaken<\/span> Yvonne, Scuol <span style=\"white-space: nowrap; color: #5091cd;\">|<\/span> <span style=\"color: #5091cd;\">Wettstein<\/span> Tobias, Basel <span style=\"white-space: nowrap; color: #5091cd;\">|<\/span> <span style=\"color: #5091cd;\">Wildhaber<\/span> Nadia, Locarno <span style=\"white-space: nowrap; color: #5091cd;\">|<\/span> <span style=\"color: #5091cd;\">Witschi<\/span> Nicolas, Crans-Montana <span style=\"white-space: nowrap; color: #5091cd;\">|<\/span> <span style=\"color: #5091cd;\">Wittwer<\/span> Orlando, Solothurn <span style=\"white-space: nowrap; color: #5091cd;\">|<\/span> <span style=\"color: #5091cd;\">Z\u00fcrcher<\/span> Ulrich, Interlaken<\/p>\t\t\t\t\t\t\t\t<\/div>\n\t\t\t\t<\/div>\n\t\t\t\t<div class=\"elementor-element elementor-element-1c2ff0b elementor-widget elementor-widget-text-editor\" data-id=\"1c2ff0b\" data-element_type=\"widget\" data-widget_type=\"text-editor.default\">\n\t\t\t\t<div class=\"elementor-widget-container\">\n\t\t\t\t\t\t\t\t\t<h3><span style=\"color: #5091cd;\">Mitarbeitendenkommission<\/span><b><br \/><\/b><\/h3><p>Die Mitarbeitendenkommission vertritt die Interessen s\u00e4mtlicher Mitarbeitenden gegen\u00fcber der CEO und dem Vorstand.<\/p><p><span style=\"color: #5091cd; white-space: nowrap;\">Christen<\/span> Nicole, Sales Managerin\u00a0<span style=\"white-space: nowrap; color: #5091cd;\">| Krezdorn<\/span> Saba, Hostel Managerin Jugendherberge Brugg <span style=\"white-space: nowrap; color: #5091cd;\">|<\/span> <span style=\"color: #5091cd; white-space: nowrap;\">M\u00e4chler<\/span> Lucia, Betriebsassistentin Jugendherberge Schloss Burgdorf <span style=\"white-space: nowrap; color: #5091cd;\">|<\/span><span style=\"white-space: nowrap;\">\u00a0<\/span><span style=\"color: #5091cd; white-space: nowrap;\">Z\u00fcrcher<\/span> Ulrich, Hostel Manager Jugendherberge Interlaken (Pr\u00e4sident)<\/p><p><em>Gew\u00e4hlt bis 31. Dezember 2025<\/em><\/p>\t\t\t\t\t\t\t\t<\/div>\n\t\t\t\t<\/div>\n\t\t\t\t<div class=\"elementor-element elementor-element-9e32aad elementor-widget elementor-widget-text-editor\" data-id=\"9e32aad\" data-element_type=\"widget\" data-widget_type=\"text-editor.default\">\n\t\t\t\t<div class=\"elementor-widget-container\">\n\t\t\t\t\t\t\t\t\t<h3><span style=\"color: #5091cd;\">Management Team<b><br \/><\/b><\/span><\/h3><p>Das Management Team bildet die Gesch\u00e4ftsleitung der Schweizer Jugendherbergen. Die Mitglieder werden vom Vorstand ernannt. Die CEO steht dem Management Team vor. Der Director Operations ist ihr Stellvertreter. Das Management Team ist f\u00fcr die Umsetzung der vom Vorstand festgelegten ideellen und strategischen Ziele verantwortlich. Es definiert die operativen Ziele und kontrolliert deren Erreichung.<\/p><p><span style=\"color: #5091cd; white-space: nowrap;\">Bunte<\/span> Janine, CEO, Vorsitzende des Management Teams (seit 01.01.2019) <span style=\"white-space: nowrap; color: #5091cd;\">|<\/span><span style=\"white-space: nowrap;\">\u00a0<\/span><span style=\"color: #5091cd; white-space: nowrap;\">Unger<\/span> Thomas, Director Operations, Stv. CEO (seit 01.12.2023) <span style=\"white-space: nowrap; color: #5091cd;\">|<\/span><span style=\"white-space: nowrap;\">\u00a0<\/span><span style=\"color: #5091cd; white-space: nowrap;\">Gilgen<\/span> Corina, Director Sales (seit 01.09.2023) <span style=\"white-space: nowrap; color: #5091cd;\">|<\/span><span style=\"white-space: nowrap;\">\u00a0<\/span><span style=\"color: #5091cd; white-space: nowrap;\">Eisele<\/span> Andr\u00e9, Director Marketing &amp; Communication (seit 01.09.2019) <span style=\"white-space: nowrap; color: #5091cd;\">|<\/span> <span style=\"color: #5091cd;\">Walter<\/span> Laura, Director Finance &amp; Controlling (seit 01.08.2021)<\/p>\t\t\t\t\t\t\t\t<\/div>\n\t\t\t\t<\/div>\n\t\t\t\t<div class=\"elementor-element elementor-element-9c4b9c5 elementor-widget elementor-widget-text-editor\" data-id=\"9c4b9c5\" data-element_type=\"widget\" data-widget_type=\"text-editor.default\">\n\t\t\t\t<div class=\"elementor-widget-container\">\n\t\t\t\t\t\t\t\t\t<h3><span style=\"color: #5091cd;\">Vorstand<\/span><\/h3><p>Der Vorstand ist das oberste Leitungsorgan und wird von der Delegiertenversammlung auf vier Jahre gew\u00e4hlt. Die Mitglieder k\u00f6nnen wiedergew\u00e4hlt werden, unterliegen jedoch einer Amtszeitbeschr\u00e4nkung von 12 Jahren. Der Vorstand besteht aus insgesamt mindestens 8 bis maximal 12 Mitgliedern. Er definiert die strategische Ausrichtung und \u00fcberpr\u00fcft die operative Umsetzung.<\/p><p><span style=\"color: #5091cd; white-space: nowrap;\">Gallo<\/span> Mathias (seit 29.11.2019) <span style=\"white-space: nowrap; color: #5091cd;\">|<\/span><span style=\"white-space: nowrap;\">\u00a0<\/span><span style=\"color: #5091cd; white-space: nowrap;\">Juon<\/span> Gian Marco (seit 06.03.2020) <span style=\"white-space: nowrap; color: #5091cd;\">|<\/span><span style=\"white-space: nowrap;\">\u00a0<\/span><span style=\"color: #5091cd; white-space: nowrap;\">Kulcs\u00e1r<\/span> Thomas (seit 06.04.2018)\u00a0 <span style=\"white-space: nowrap; color: #5091cd;\">|<\/span><span style=\"white-space: nowrap;\">\u00a0<\/span><span style=\"color: #5091cd; white-space: nowrap;\">Reutlinger<\/span> Frank (seit 23.11.2018) <span style=\"white-space: nowrap; color: #5091cd;\">|<\/span><span style=\"white-space: nowrap;\">\u00a0<\/span><span style=\"color: #5091cd; white-space: nowrap;\">Schneuwly<\/span> Yves (seit 23.09.2022) <span style=\"white-space: nowrap; color: #5091cd;\">|<\/span><span style=\"white-space: nowrap;\">\u00a0<\/span><span style=\"color: #5091cd; white-space: nowrap;\">Tauber Gomez<\/span> Stephanie (seit 23.09.2022) <span style=\"white-space: nowrap; color: #5091cd;\">|<\/span><span style=\"white-space: nowrap;\">\u00a0<\/span><span style=\"color: #5091cd; white-space: nowrap;\">Wyss<\/span> Andreas (seit 25.09.2021) <span style=\"white-space: nowrap; color: #5091cd;\">|<\/span><span style=\"white-space: nowrap;\">\u00a0<\/span><span style=\"color: #5091cd; white-space: nowrap;\">Z\u00fcllig<\/span> Nico (seit 23.09.2023)<\/p>\t\t\t\t\t\t\t\t<\/div>\n\t\t\t\t<\/div>\n\t\t\t\t<div class=\"elementor-element elementor-element-222437c elementor-widget elementor-widget-text-editor\" data-id=\"222437c\" data-element_type=\"widget\" data-widget_type=\"text-editor.default\">\n\t\t\t\t<div class=\"elementor-widget-container\">\n\t\t\t\t\t\t\t\t\t<p><strong>Pr\u00e4sidium<\/strong><\/p><p><span style=\"color: #5091cd; white-space: nowrap;\">Reutlinger<\/span> Frank, Pr\u00e4sident (seit 15.06.2019) <span style=\"white-space: nowrap; color: #5091cd;\">| Kulcs\u00e1r<\/span> Thomas, Vizepr\u00e4sident (seit 01.10.2023)<\/p><p><em>Gew\u00e4hlt bis 31. Dezember 2027<\/em><\/p>\t\t\t\t\t\t\t\t<\/div>\n\t\t\t\t<\/div>\n\t\t\t\t<div class=\"elementor-element elementor-element-3c564f3 elementor-widget elementor-widget-text-editor\" data-id=\"3c564f3\" data-element_type=\"widget\" data-widget_type=\"text-editor.default\">\n\t\t\t\t<div class=\"elementor-widget-container\">\n\t\t\t\t\t\t\t\t\t<p><b>Audit Committee<\/b><\/p><p><span style=\"color: var( --e-global-color-text );\"><span style=\"color: #5091cd;\">Wyss<\/span> Andreas, Vorsitze<\/span>nder <span style=\"white-space: nowrap; color: #5091cd;\">|<\/span><span style=\"white-space: nowrap;\">\u00a0<\/span><span style=\"color: #5091cd;\">Kulcs\u00e1r<\/span><span style=\"color: var( --e-global-color-text );\"> Thoma<\/span>s <span style=\"white-space: nowrap; color: #5091cd;\">|<\/span><span style=\"white-space: nowrap;\">\u00a0<\/span><span style=\"color: #5091cd; white-space: nowrap;\">Schneuwly<\/span><span style=\"color: var( --e-global-color-text );\"> Yves<\/span><\/p><p><em>Gew\u00e4hlt bis 31. Dezember 2025<\/em><\/p>\t\t\t\t\t\t\t\t<\/div>\n\t\t\t\t<\/div>\n\t\t\t\t<div class=\"elementor-element elementor-element-ca8d380 elementor-widget elementor-widget-text-editor\" data-id=\"ca8d380\" data-element_type=\"widget\" data-widget_type=\"text-editor.default\">\n\t\t\t\t<div class=\"elementor-widget-container\">\n\t\t\t\t\t\t\t\t\t<p><b>Steering Committee<\/b><\/p><p><span style=\"color: #5091cd;\">Reutlinger<\/span><span style=\"color: var( --e-global-color-text );\">\u00a0Frank<\/span><span style=\"color: var( --e-global-color-text );\">, Vorsitzend<\/span>er <span style=\"white-space: nowrap; color: #5091cd;\">|<\/span><span style=\"white-space: nowrap;\">\u00a0<\/span><span style=\"color: #5091cd;\">Gallo<\/span><span style=\"color: var( --e-global-color-text );\"> Mathia<\/span>s <span style=\"white-space: nowrap; color: #5091cd;\">|<\/span><span style=\"white-space: nowrap;\">\u00a0<\/span><span style=\"color: #5091cd; white-space: nowrap;\">Juon<\/span><span style=\"color: var( --e-global-color-text );\"> Gian Marco <span style=\"white-space: nowrap; color: #5091cd;\">|<\/span><\/span><span style=\"white-space: nowrap;\">\u00a0<\/span><span style=\"color: var( --e-global-color-text );\"><span style=\"color: #5091cd; white-space: nowrap;\">Wyss<\/span> Andreas<\/span><\/p><p><em>Gew\u00e4hlt bis 31. Dezember 2025<\/em><\/p>\t\t\t\t\t\t\t\t<\/div>\n\t\t\t\t<\/div>\n\t\t\t\t<div class=\"elementor-element elementor-element-eb4f17a elementor-widget elementor-widget-text-editor\" data-id=\"eb4f17a\" data-element_type=\"widget\" data-widget_type=\"text-editor.default\">\n\t\t\t\t<div class=\"elementor-widget-container\">\n\t\t\t\t\t\t\t\t\t<h3><span style=\"color: #5091cd;\">Delegierte<\/span><\/h3><p>Die Mitglieder w\u00e4hlen 20\u201380 Delegierte f\u00fcr vier Jahre. Die Befugnisse sind u. a. \u00c4nderung der Statuten, Genehmigung des Gesch\u00e4ftsberichtes, Entlastung der Organe, Wahl von Vorstand, Pr\u00e4sidium und Revisionsstelle sowie Ernennung von Ehrenmitgliedern.<\/p><p><em>Gew\u00e4hlt bis 31. Dezember 2027<\/em><\/p><p><span style=\"color: #5091cd;\">Avesani<\/span> Giancarlo, Melano <span style=\"white-space: nowrap; color: #5091cd;\">|<\/span> <span style=\"color: #5091cd;\">Bianchin<\/span> Patricia, Neuch\u00e2tel <span style=\"white-space: nowrap; color: #5091cd;\">|<\/span> <span style=\"color: #5091cd;\">Bislin<\/span> Ursina, Z\u00fcrich <span style=\"white-space: nowrap; color: #5091cd;\">|<\/span> <span style=\"color: #5091cd;\">Bollhalder<\/span> Rolf, Teufen <span style=\"white-space: nowrap; color: #5091cd;\">|<\/span> <span style=\"color: #5091cd;\">Burgherr<\/span> Delia, Z\u00fcrich <span style=\"white-space: nowrap; color: #5091cd;\">|<\/span> <span style=\"color: #5091cd;\">B\u00fcrgisser<\/span> Lucio, Z\u00fcrich <span style=\"white-space: nowrap; color: #5091cd;\">|<\/span> <span style=\"color: #5091cd;\">Buschor<\/span> Trudi, Moosseedorf <span style=\"white-space: nowrap; color: #5091cd;\">|<\/span> <span style=\"color: #5091cd;\">Denzler<\/span> Corinne, Rotkreuz <span style=\"white-space: nowrap; color: #5091cd;\">|<\/span> <span style=\"color: #5091cd;\">Flepp<\/span> Anna Tina, Chur <span style=\"white-space: nowrap; color: #5091cd;\">|<\/span> <span style=\"color: #5091cd;\">Fricke<\/span> Marco, Niederlenz <span style=\"white-space: nowrap; color: #5091cd;\">| <\/span><span style=\"color: #5091cd;\">Fuchs<\/span> Edwin, Zollikon <span style=\"white-space: nowrap; color: #5091cd;\">|<\/span> <span style=\"color: #5091cd;\">Fuchs<\/span> Michel, Zollikon <span style=\"white-space: nowrap; color: #5091cd;\">|<\/span> <span style=\"color: #5091cd;\">Furger<\/span> Christine, Arlesheim <span style=\"white-space: nowrap; color: #5091cd;\">|<\/span> <span style=\"color: #5091cd;\">Furrer<\/span> Daniel, Luzern <span style=\"white-space: nowrap; color: #5091cd;\">|<\/span> <span style=\"color: #5091cd;\">Giacomazzi<\/span> Agnese, Manno <span style=\"white-space: nowrap; color: #5091cd;\">|<\/span> <span style=\"color: #5091cd;\">Giacomazzi<\/span> Gaia, Z\u00fcrich <span style=\"white-space: nowrap; color: #5091cd;\">|<\/span> <span style=\"color: #5091cd;\">Gisler<\/span> Alfred, Luzern <span style=\"white-space: nowrap; color: #5091cd;\">|<\/span> <span style=\"color: #5091cd;\">Gruber<\/span> Chiara, Z\u00fcrich <span style=\"white-space: nowrap; color: #5091cd;\">|<\/span> <span style=\"color: #5091cd;\">Gruber<\/span> Vanessa, Z\u00fcrich <span style=\"white-space: nowrap; color: #5091cd;\">|<\/span> <span style=\"color: #5091cd;\">Gruber<\/span> Veronika, Gelterkinden <span style=\"white-space: nowrap; color: #5091cd;\">|<\/span> <span style=\"color: #5091cd;\">Haag-Lochmann<\/span> Helen, Hirzel <span style=\"white-space: nowrap; color: #5091cd;\">|<\/span> <span style=\"color: #5091cd;\">Haefeli<\/span> Lukas, Z\u00fcrich <span style=\"white-space: nowrap; color: #5091cd;\">|<\/span> <span style=\"color: #5091cd;\">Haug-Kern<\/span> Esther, Z\u00fcrich <span style=\"white-space: nowrap; color: #5091cd;\">| Haug <span style=\"color: #000000;\">Tobias, Z\u00fcrich <\/span><\/span> <span style=\"white-space: nowrap; color: #5091cd;\">| <\/span><span style=\"color: #5091cd;\">Hauri<\/span> Michael, St\u00e4fa <span style=\"white-space: nowrap; color: #5091cd;\">|<\/span> <span style=\"color: #5091cd;\">Hauri<\/span> Susanne, St\u00e4fa <span style=\"white-space: nowrap; color: #5091cd;\">|<\/span> <span style=\"color: #5091cd;\">Item-Uhlemann<\/span> Janine, Untervaz <span style=\"white-space: nowrap; color: #5091cd;\">|<\/span> <span style=\"color: #5091cd;\">Jenni<\/span> Noemi, Z\u00fcrich <span style=\"white-space: nowrap; color: #5091cd;\">|<\/span> <span style=\"color: #5091cd;\">Keller-Giovanon<\/span> Helene, Ossingen <span style=\"white-space: nowrap; color: #5091cd;\">|<\/span> <span style=\"color: #5091cd;\">Koch<\/span> Isabelle, Schaan <span style=\"white-space: nowrap; color: #5091cd;\">|<\/span> <span style=\"color: #5091cd;\">Liechti<\/span> Nina, Grossh\u00f6chstetten <span style=\"white-space: nowrap; color: #5091cd;\">|<\/span> <span style=\"color: #5091cd;\">Lutz<\/span> B\u00e9atrice, Birsfelden <span style=\"white-space: nowrap; color: #5091cd;\">|<\/span> <span style=\"color: #5091cd;\">Meier<\/span> Nicole, Z\u00fcrich <span style=\"white-space: nowrap; color: #5091cd;\">|<\/span> <span style=\"color: #5091cd;\">Meyer<\/span> Stefan, Arbon <span style=\"white-space: nowrap; color: #5091cd;\">|<\/span> <span style=\"color: #5091cd;\">Ming<\/span> Pascal, Unter\u00e4geri <span style=\"white-space: nowrap; color: #5091cd;\">|<\/span> <span style=\"color: #5091cd;\">Montandon<\/span> Jonathan, Z\u00fcrich <span style=\"white-space: nowrap; color: #5091cd;\">|<\/span> <span style=\"color: #5091cd;\">Mottier<\/span> Andr\u00e9, Ste-Croix <span style=\"white-space: nowrap; color: #5091cd;\">|<\/span> <span style=\"color: #5091cd;\">M\u00fcller<\/span> Karin, Bonstetten <span style=\"white-space: nowrap; color: #5091cd;\">|<\/span> <span style=\"color: #5091cd;\">M\u00fcller<\/span> Tim, Bonstetten <span style=\"white-space: nowrap; color: #5091cd;\">|<\/span> <span style=\"color: #5091cd;\">Palme<\/span> Sabine, Zug <span style=\"white-space: nowrap; color: #5091cd;\">|<\/span> <span style=\"color: #5091cd;\">Ramsperger<\/span> Rolf, Neuhausen am Rheinfall <span style=\"white-space: nowrap; color: #5091cd;\">|<\/span> <span style=\"color: #5091cd;\">Renggli<\/span> Tobias, Buchrain <span style=\"white-space: nowrap; color: #5091cd;\">|<\/span> <span style=\"color: #5091cd;\">Riedo<\/span> Stephanie, Z\u00fcrich <span style=\"white-space: nowrap; color: #5091cd;\">|<\/span> <span style=\"color: #5091cd;\">Rodriguez<\/span> Simon, Gross <span style=\"white-space: nowrap; color: #5091cd;\">|<\/span> <span style=\"color: #5091cd;\">Rutz<\/span> Theresia, Winterthur <span style=\"white-space: nowrap; color: #5091cd;\">|<\/span> <span style=\"color: #5091cd;\">Schoch-Sutter<\/span> Carmen, M\u00e4rstetten <span style=\"white-space: nowrap; color: #5091cd;\">|<\/span> <span style=\"color: #5091cd;\">Schuler<\/span> Claudia, Valbella <span style=\"white-space: nowrap; color: #5091cd;\">|<\/span> <span style=\"color: #5091cd;\">Schwyter-Faist<\/span> Yolanda, Zezikon <span style=\"white-space: nowrap; color: #5091cd;\">|<\/span> <span style=\"color: #5091cd;\">Senn<\/span> Annemarie, Volketswil <span style=\"white-space: nowrap; color: #5091cd;\">|<\/span> <span style=\"color: #5091cd;\">St\u00e4dler-Bischof<\/span> Esther, Wattwil <span style=\"white-space: nowrap; color: #5091cd;\">|<\/span> <span style=\"color: #5091cd;\">Steiger<\/span> Thomas, Muttenz <span style=\"white-space: nowrap; color: #5091cd;\">|<\/span> <span style=\"color: #5091cd;\">Steinmann<\/span> Rolf, Cham <span style=\"white-space: nowrap; color: #5091cd;\">|<\/span> <span style=\"color: #5091cd;\">St\u00f6ri<\/span> Thomas, Muttenz <span style=\"white-space: nowrap; color: #5091cd;\">|<\/span> <span style=\"color: #5091cd;\">Straubhaar<\/span> Sarah, Neuch\u00e2tel <span style=\"white-space: nowrap; color: #5091cd;\">|<\/span> <span style=\"color: #5091cd;\">Straubhaar<\/span> Tina, Lausanne <span style=\"white-space: nowrap; color: #5091cd;\">|<\/span> <span style=\"color: #5091cd;\">Strehler<\/span> Ren\u00e9, Z\u00fcrich <span style=\"white-space: nowrap; color: #5091cd;\">|<\/span> <span style=\"color: #5091cd;\">Strehler<\/span> Tim, Z\u00fcrich <span style=\"white-space: nowrap; color: #5091cd;\">|<\/span> <span style=\"color: #5091cd;\">Streuli<\/span> Cornelia, Steinhausen <span style=\"white-space: nowrap; color: #5091cd;\">|<\/span> <span style=\"color: #5091cd;\">Surber<\/span> S\u00e9bastien, Aadorf <span style=\"white-space: nowrap; color: #5091cd;\">|<\/span> <span style=\"color: #5091cd;\">Thut<\/span> Tobias, Kriens <span style=\"white-space: nowrap; color: #5091cd;\">|<\/span> <span style=\"color: #5091cd;\">Uhlemann<\/span> Luzia, Untervaz <span style=\"white-space: nowrap; color: #5091cd;\">|<\/span> <span style=\"color: #5091cd;\">Vogel<\/span> Manon, Hinwil <span style=\"white-space: nowrap; color: #5091cd;\">|<\/span> <span style=\"color: #5091cd;\">Volkart<\/span> Kerstin, Z\u00fcrich <span style=\"white-space: nowrap; color: #5091cd;\">|<\/span> <span style=\"color: #5091cd;\">Weber<\/span> Kathrin, Wilen (Gottshaus) TG <span style=\"white-space: nowrap; color: #5091cd;\">|<\/span> <span style=\"color: #5091cd;\">Witschi<\/span> Nicolas, Crans-Montana <span style=\"white-space: nowrap; color: #5091cd;\">|<\/span> <span style=\"color: #5091cd;\">Z\u00fcrcher<\/span> Eva, Gonten<\/p>\t\t\t\t\t\t\t\t<\/div>\n\t\t\t\t<\/div>\n\t\t\t\t<div class=\"elementor-element elementor-element-8a9a942 elementor-widget elementor-widget-text-editor\" data-id=\"8a9a942\" data-element_type=\"widget\" data-widget_type=\"text-editor.default\">\n\t\t\t\t<div class=\"elementor-widget-container\">\n\t\t\t\t\t\t\t\t\t<h3><span style=\"color: #5091cd;\">Revisionsstelle<b><br \/><\/b><\/span><\/h3><p>Bommer + Partner Treuhand, Bern<\/p><p><em>Wird j\u00e4hrlich durch die Delegiertenversammlung gew\u00e4hlt.<\/em><\/p>\t\t\t\t\t\t\t\t<\/div>\n\t\t\t\t<\/div>\n\t\t\t\t<div class=\"elementor-element elementor-element-28e9406 elementor-widget elementor-widget-text-editor\" data-id=\"28e9406\" data-element_type=\"widget\" data-widget_type=\"text-editor.default\">\n\t\t\t\t<div class=\"elementor-widget-container\">\n\t\t\t\t\t\t\t\t\t<h3><span style=\"color: #5091cd;\">Ehrenmitglieder<b><br \/><\/b><\/span><\/h3><p><span style=\"color: #5091cd; white-space: nowrap;\">Kern<\/span> Jack, Z\u00fcrich <span style=\"white-space: nowrap; color: #5091cd;\">|<\/span><span style=\"white-space: nowrap;\">\u00a0<\/span><span style=\"color: #5091cd; white-space: nowrap;\">Kurmann<\/span> Stephan, Hirzel <span style=\"white-space: nowrap; color: #5091cd;\">|<\/span><span style=\"white-space: nowrap;\">\u00a0<\/span><span style=\"color: #5091cd; white-space: nowrap;\">L\u00fcdi<\/span> Heinz, Effretikon <span style=\"white-space: nowrap; color: #5091cd;\">|<\/span><span style=\"white-space: nowrap;\">\u00a0<\/span><span style=\"color: #5091cd; white-space: nowrap;\">M\u00fcller<\/span> Christoph, Bonstetten <span style=\"white-space: nowrap; color: #5091cd;\">|<\/span><span style=\"white-space: nowrap;\">\u00a0<\/span><span style=\"color: #5091cd; white-space: nowrap;\">W\u00e4lle<\/span> Robert, Luzern<\/p>\t\t\t\t\t\t\t\t<\/div>\n\t\t\t\t<\/div>\n\t\t\t\t\t<\/div>\n\t\t\t\t<\/div>\n\t\t<div class=\"elementor-element elementor-element-4f72fda e-flex e-con-boxed e-con e-parent\" data-id=\"4f72fda\" data-element_type=\"container\" data-settings=\"{&quot;jet_parallax_layout_list&quot;:[]}\">\n\t\t\t\t\t<div class=\"e-con-inner\">\n\t\t\t\t<div class=\"elementor-element elementor-element-f63b231 elementor-widget elementor-widget-heading\" data-id=\"f63b231\" data-element_type=\"widget\" data-widget_type=\"heading.default\">\n\t\t\t\t<div class=\"elementor-widget-container\">\n\t\t\t\t\t<h2 class=\"elementor-heading-title elementor-size-default\">Entsch\u00e4digungen an Organe<\/h2>\t\t\t\t<\/div>\n\t\t\t\t<\/div>\n\t\t\t\t<div class=\"elementor-element elementor-element-8096d65 elementor-widget elementor-widget-text-editor\" data-id=\"8096d65\" data-element_type=\"widget\" data-widget_type=\"text-editor.default\">\n\t\t\t\t<div class=\"elementor-widget-container\">\n\t\t\t\t\t\t\t\t\t<h3><span style=\"color: #5091cd;\">Delegierte<\/span><\/h3><p>Das Engagement als Delegierte der Schweizer Jugendherbergen erfolgt freiwillig und ehrenamtlich und wird nicht finanziell entsch\u00e4digt. Daraus resultierende effektive Spesen werden verg\u00fctet.<\/p><p>Die Delegierten erhalten pro Jahr 21 \u00dcbernachtungsgutscheine zum kostenlosen Besuch in den durch den Verein Schweizer Jugendherbergen betriebenen Jugendherbergen.<\/p>\t\t\t\t\t\t\t\t<\/div>\n\t\t\t\t<\/div>\n\t\t\t\t<div class=\"elementor-element elementor-element-306ba54 elementor-widget elementor-widget-text-editor\" data-id=\"306ba54\" data-element_type=\"widget\" data-widget_type=\"text-editor.default\">\n\t\t\t\t<div class=\"elementor-widget-container\">\n\t\t\t\t\t\t\t\t\t<h3><span style=\"color: #5091cd;\">Vorstand<\/span><\/h3><p>Gest\u00fctzt auf die Corporate Governance-Richtlinien f\u00fcr Nonprofit-Organisationen in der Schweiz, dem Swiss NPO-Code sowie weiteren einschl\u00e4gigen Regulatorien erbringen die Mitglieder des Vorstandes ihre Leistungen freiwillig und ehrenamtlich. Die Arbeit des Vorstandes wird grunds\u00e4tzlich nicht entsch\u00e4digt. Daraus resultierende effektive Spesen werden verg\u00fctet. F\u00fcr die ehrenamtliche T\u00e4tigkeit erhalten Vorstandsmitglieder j\u00e4hrlich 42 \u00dcbernachtungsgutscheine zum kostenlosen Besuch in den eigenen Jugendherbergen. Leistet der Pr\u00e4sident oder ein Mitglied des Vorstandes innerhalb eines Kalenderjahres mehr als 100 Stunden ehrenamtliche Arbeit, so besteht das Recht auf eine Entsch\u00e4digung f\u00fcr jede weitere Stunde.<\/p><p><span style=\"color: #000000;\">Im Jahr 2024 haben der Pr\u00e4sident und die Vorstandsmitglieder 526 Stunden (Vorjahr 587) Arbeit geleistet, davon 352 (Vorjahr 418) unentgeltlich.<\/span><\/p><p><span style=\"color: #000000;\">Entsch\u00e4digungen in Form von Honoraren und Spesen wurden in der H\u00f6he von CHF 44&#8217;072 (Vorjahr CHF 44&#8217;489) bezahlt. Davon entfallen CHF 25&#8217;053 auf den Pr\u00e4sidenten (Vorjahr CHF 25&#8217;194).<\/span><\/p>\t\t\t\t\t\t\t\t<\/div>\n\t\t\t\t<\/div>\n\t\t\t\t<div class=\"elementor-element elementor-element-ad69673 elementor-widget elementor-widget-text-editor\" data-id=\"ad69673\" data-element_type=\"widget\" data-widget_type=\"text-editor.default\">\n\t\t\t\t<div class=\"elementor-widget-container\">\n\t\t\t\t\t\t\t\t\t<h3><span style=\"color: #5091cd;\">Revisionsstelle<\/span><\/h3><p><span style=\"color: #000000;\">2024 betrug das Honorar zugunsten der Revisionsstelle CHF 40&#8217;010 (Vorjahr CHF 39&#8217;600).<\/span><\/p>\t\t\t\t\t\t\t\t<\/div>\n\t\t\t\t<\/div>\n\t\t\t\t\t<\/div>\n\t\t\t\t<\/div>\n\t\t<div class=\"elementor-element elementor-element-a6a8bf4 e-flex e-con-boxed e-con e-parent\" data-id=\"a6a8bf4\" data-element_type=\"container\" data-settings=\"{&quot;jet_parallax_layout_list&quot;:[]}\">\n\t\t\t\t\t<div class=\"e-con-inner\">\n\t\t\t\t<div class=\"elementor-element elementor-element-01a3d21 elementor-widget elementor-widget-heading\" data-id=\"01a3d21\" data-element_type=\"widget\" data-widget_type=\"heading.default\">\n\t\t\t\t<div class=\"elementor-widget-container\">\n\t\t\t\t\t<h2 class=\"elementor-heading-title elementor-size-default\">Risikobeurteilung<\/h2>\t\t\t\t<\/div>\n\t\t\t\t<\/div>\n\t\t\t\t<div class=\"elementor-element elementor-element-0265034 elementor-widget elementor-widget-text-editor\" data-id=\"0265034\" data-element_type=\"widget\" data-widget_type=\"text-editor.default\">\n\t\t\t\t<div class=\"elementor-widget-container\">\n\t\t\t\t\t\t\t\t\t<p>Im Risikomanagement werden verschiedene Risiken, welche die Schweizer Jugendherbergen tangieren, ber\u00fccksichtigt. Ein umfassendes Risikoinventar wird laufend aktualisiert und die Risiken werden bewertet anhand ihrer Eintrittswahrscheinlichkeit und der m\u00f6glichen Auswirkung. Es wird zus\u00e4tzlich j\u00e4hrlich ein interner Risikobericht verfasst.<\/p><p>Die Risikolage im Jahr 2024 war stark gepr\u00e4gt durch die Konflikte im Nahost und der Ukraine, da diese die Nachfrage ausl\u00e4ndischer G\u00e4ste sowie die Preisentwicklung, insbesondere im Energiesektor, negativ beeintr\u00e4chtigen k\u00f6nnen. Die gr\u00f6ssten f\u00fcr die Schweizer Jugendherbergen identifizierten Risiken lagen in den Bereichen Marktumfeld und Nachfrage, Liquidit\u00e4t, Fachkr\u00e4ftemangel und Cyber-Kriminalit\u00e4t. Grosse Risiken werden, wenn m\u00f6glich, mit risikobegrenzenden Massnahmen minimiert oder abgedeckt. Es bestehen Kontrollmechanismen, womit die getroffenen Massnahmen und deren Wirksamkeit stetig kontrolliert werden. Die Schweizer Jugendherbergen konnten trotz vieler erh\u00f6hter Risiken ein positives Jahresergebnis erwirtschaften und das Organisationskapital weiter st\u00e4rken.<\/p><p>Die sorgf\u00e4ltige Auswahl von Lieferanten ist f\u00fcr die Schweizer Jugendherbergen sehr wichtig. Stets wird darauf geachtet, dass m\u00f6glichst lokale Lieferanten ber\u00fccksichtigt werden und diese den hohen Standards der Schweizer Jugendherbergen im Bereich \u00d6kologie und sozialer Werte entsprechen. Im Berichtsjahr wurde unter anderem eine neue Partnerschaft mit NIKIN eingegangen, um die Mitarbeitenden in den Jugendherbergen mit nachhaltigen, individuell bestickten Oberteilen auszustatten (Mitarbeitendenbekleidung).<\/p><p>Gem\u00e4ss der Verordnung \u00fcber Sorgfaltspflichten und Transparenz bez\u00fcglich Mineralien und Metallen aus Konfliktgebieten und Kinderarbeit (221.433) werden j\u00e4hrliche \u00dcberpr\u00fcfungen bei Lieferanten vorgenommen. Es wurde kein begr\u00fcndeter Verdacht auf Kinderarbeit in der Lieferkette festgestellt und somit sind die Schweizer Jugendherbergen von Sorgfalts- und Berichterstattungspflichten gem\u00e4ss der Verordnung befreit.<\/p>\t\t\t\t\t\t\t\t<\/div>\n\t\t\t\t<\/div>\n\t\t\t\t\t<\/div>\n\t\t\t\t<\/div>\n\t\t<div class=\"elementor-element elementor-element-da07b29 e-flex e-con-boxed e-con e-parent\" data-id=\"da07b29\" data-element_type=\"container\" data-settings=\"{&quot;jet_parallax_layout_list&quot;:[]}\">\n\t\t\t\t\t<div class=\"e-con-inner\">\n\t\t\t\t<div class=\"elementor-element elementor-element-ec736df elementor-widget elementor-widget-template\" data-id=\"ec736df\" data-element_type=\"widget\" data-widget_type=\"template.default\">\n\t\t\t\t<div class=\"elementor-widget-container\">\n\t\t\t\t\t\t\t<div class=\"elementor-template\">\n\t\t\t\t\t<div data-elementor-type=\"page\" data-elementor-id=\"1162\" class=\"elementor elementor-1162\" data-elementor-post-type=\"elementor_library\">\n\t\t\t\t<div class=\"elementor-element elementor-element-c8029b4 e-flex e-con-boxed e-con e-parent\" data-id=\"c8029b4\" data-element_type=\"container\" data-settings=\"{&quot;jet_parallax_layout_list&quot;:[{&quot;jet_parallax_layout_image&quot;:{&quot;url&quot;:&quot;&quot;,&quot;id&quot;:&quot;&quot;,&quot;size&quot;:&quot;&quot;},&quot;_id&quot;:&quot;d9c892f&quot;,&quot;jet_parallax_layout_image_tablet&quot;:{&quot;url&quot;:&quot;&quot;,&quot;id&quot;:&quot;&quot;,&quot;size&quot;:&quot;&quot;},&quot;jet_parallax_layout_image_mobile&quot;:{&quot;url&quot;:&quot;&quot;,&quot;id&quot;:&quot;&quot;,&quot;size&quot;:&quot;&quot;},&quot;jet_parallax_layout_speed&quot;:{&quot;unit&quot;:&quot;%&quot;,&quot;size&quot;:50,&quot;sizes&quot;:[]},&quot;jet_parallax_layout_type&quot;:&quot;scroll&quot;,&quot;jet_parallax_layout_direction&quot;:null,&quot;jet_parallax_layout_fx_direction&quot;:null,&quot;jet_parallax_layout_z_index&quot;:&quot;&quot;,&quot;jet_parallax_layout_bg_x&quot;:50,&quot;jet_parallax_layout_bg_x_tablet&quot;:&quot;&quot;,&quot;jet_parallax_layout_bg_x_mobile&quot;:&quot;&quot;,&quot;jet_parallax_layout_bg_y&quot;:50,&quot;jet_parallax_layout_bg_y_tablet&quot;:&quot;&quot;,&quot;jet_parallax_layout_bg_y_mobile&quot;:&quot;&quot;,&quot;jet_parallax_layout_bg_size&quot;:&quot;auto&quot;,&quot;jet_parallax_layout_bg_size_tablet&quot;:&quot;&quot;,&quot;jet_parallax_layout_bg_size_mobile&quot;:&quot;&quot;,&quot;jet_parallax_layout_animation_prop&quot;:&quot;transform&quot;,&quot;jet_parallax_layout_on&quot;:[&quot;desktop&quot;,&quot;tablet&quot;]}]}\">\n\t\t\t\t\t<div class=\"e-con-inner\">\n\t\t\t\t<div class=\"elementor-element elementor-element-a2d04d4 elementor-widget elementor-widget-spacer\" data-id=\"a2d04d4\" data-element_type=\"widget\" data-widget_type=\"spacer.default\">\n\t\t\t\t<div class=\"elementor-widget-container\">\n\t\t\t\t\t\t\t<div class=\"elementor-spacer\">\n\t\t\t<div class=\"elementor-spacer-inner\"><\/div>\n\t\t<\/div>\n\t\t\t\t\t\t<\/div>\n\t\t\t\t<\/div>\n\t\t\t\t<div class=\"elementor-element elementor-element-3b2fcaa elementor-widget elementor-widget-heading\" data-id=\"3b2fcaa\" data-element_type=\"widget\" id=\"non-breaking\" data-widget_type=\"heading.default\">\n\t\t\t\t<div class=\"elementor-widget-container\">\n\t\t\t\t\t<p class=\"elementor-heading-title elementor-size-default\">Weitere Themen, die Sie interessieren k\u00f6nnten<\/p>\t\t\t\t<\/div>\n\t\t\t\t<\/div>\n\t\t\t\t<div class=\"elementor-element elementor-element-188a530 raven-hover-scale-up elementor-widget elementor-widget-raven-posts\" data-id=\"188a530\" data-element_type=\"widget\" data-settings=\"{&quot;classic_columns&quot;:&quot;4&quot;,&quot;query_posts_per_page&quot;:4,&quot;_skin&quot;:&quot;classic&quot;,&quot;classic_layout&quot;:&quot;grid&quot;,&quot;classic_columns_tablet&quot;:&quot;2&quot;,&quot;classic_columns_mobile&quot;:&quot;1&quot;,&quot;query_offset&quot;:0}\" data-widget_type=\"raven-posts.classic\">\n\t\t\t\t<div class=\"elementor-widget-container\">\n\t\t\t\t\t\t\t<div class=\"raven-posts raven-grid raven-grid-4 raven-grid-mobile-1 raven-grid-tablet-2\" data-post-id=\"1162\" data-archive-query=\"\" data-lang=\"\">\r\n\t\t\t\t<div class=\"raven-grid-item raven-post-item post-17021 page type-page status-publish has-post-thumbnail hentry\">\r\n\t\t\t<div class=\"raven-post elementor-animation-grow\">\r\n\t\t\t\t\t\t<div class=\"raven-post-image-wrap\">\r\n\t\t\t<a class=\"raven-post-image raven-image-fit\" href=\"https:\/\/report-youthhostel.ch\/2024\/en\/foreword\/offer\/\"><img decoding=\"async\" width=\"2500\" height=\"886\" src=\"https:\/\/report-youthhostel.ch\/2024\/wp-content\/uploads\/sites\/6\/Jugendherberge-Brienz-Aussen-Terrasse-Corsin_Naeff-02_sRGB.jpg\" class=\"attachment-large size-large wp-image-16269\" alt=\"\" srcset=\"https:\/\/report-youthhostel.ch\/2024\/wp-content\/uploads\/sites\/6\/Jugendherberge-Brienz-Aussen-Terrasse-Corsin_Naeff-02_sRGB.jpg 2500w, https:\/\/report-youthhostel.ch\/2024\/wp-content\/uploads\/sites\/6\/Jugendherberge-Brienz-Aussen-Terrasse-Corsin_Naeff-02_sRGB-768x272.jpg 768w, https:\/\/report-youthhostel.ch\/2024\/wp-content\/uploads\/sites\/6\/Jugendherberge-Brienz-Aussen-Terrasse-Corsin_Naeff-02_sRGB-1536x544.jpg 1536w, https:\/\/report-youthhostel.ch\/2024\/wp-content\/uploads\/sites\/6\/Jugendherberge-Brienz-Aussen-Terrasse-Corsin_Naeff-02_sRGB-2048x726.jpg 2048w\" sizes=\"(max-width: 2500px) 100vw, 2500px\" \/> <span class=\"raven-post-image-overlay\"><\/span><\/a>\t\t<\/div>\r\n\t\t\t\t\t\t<div class=\"raven-post-content\">\r\n\t\t\t\t\t<h3 class=\"raven-post-title\"><a class=\"raven-post-title-link\" href=\"https:\/\/report-youthhostel.ch\/2024\/en\/foreword\/offer\/\">Offer<\/a><\/h3>\t\t\t\t<\/div>\r\n\t\t\t<\/div>\r\n\t\t<\/div>\r\n\t\t\t\t<div class=\"raven-grid-item raven-post-item post-9225 page type-page status-publish has-post-thumbnail hentry\">\r\n\t\t\t<div class=\"raven-post elementor-animation-grow\">\r\n\t\t\t\t\t\t<div class=\"raven-post-image-wrap\">\r\n\t\t\t<a class=\"raven-post-image raven-image-fit\" href=\"https:\/\/report-youthhostel.ch\/2024\/fokus-2024\/portrait\/\"><img decoding=\"async\" width=\"2500\" height=\"1667\" src=\"https:\/\/report-youthhostel.ch\/2024\/wp-content\/uploads\/sites\/6\/sjh-2024-fokus-portrait-headerbild-jugendherberge-basel.jpg\" class=\"attachment-large size-large wp-image-15916\" alt=\"\" srcset=\"https:\/\/report-youthhostel.ch\/2024\/wp-content\/uploads\/sites\/6\/sjh-2024-fokus-portrait-headerbild-jugendherberge-basel.jpg 2500w, https:\/\/report-youthhostel.ch\/2024\/wp-content\/uploads\/sites\/6\/sjh-2024-fokus-portrait-headerbild-jugendherberge-basel-768x512.jpg 768w, https:\/\/report-youthhostel.ch\/2024\/wp-content\/uploads\/sites\/6\/sjh-2024-fokus-portrait-headerbild-jugendherberge-basel-1536x1024.jpg 1536w, https:\/\/report-youthhostel.ch\/2024\/wp-content\/uploads\/sites\/6\/sjh-2024-fokus-portrait-headerbild-jugendherberge-basel-2048x1366.jpg 2048w\" sizes=\"(max-width: 2500px) 100vw, 2500px\" \/> <span class=\"raven-post-image-overlay\"><\/span><\/a>\t\t<\/div>\r\n\t\t\t\t\t\t<div class=\"raven-post-content\">\r\n\t\t\t\t\t<h3 class=\"raven-post-title\"><a class=\"raven-post-title-link\" href=\"https:\/\/report-youthhostel.ch\/2024\/fokus-2024\/portrait\/\">Portrait<\/a><\/h3>\t\t\t\t<\/div>\r\n\t\t\t<\/div>\r\n\t\t<\/div>\r\n\t\t\t\t<div class=\"raven-grid-item raven-post-item post-16810 page type-page status-publish has-post-thumbnail hentry\">\r\n\t\t\t<div class=\"raven-post elementor-animation-grow\">\r\n\t\t\t\t\t\t<div class=\"raven-post-image-wrap\">\r\n\t\t\t<a class=\"raven-post-image raven-image-fit\" href=\"https:\/\/report-youthhostel.ch\/2024\/fr\/avant-propos\/gouvernance-dentreprise\/\"><img loading=\"lazy\" decoding=\"async\" width=\"2500\" height=\"1667\" src=\"https:\/\/report-youthhostel.ch\/2024\/wp-content\/uploads\/sites\/6\/sjh-2024-fokus-corporate-governance-headerbild-jugendherberge-brugg.jpg\" class=\"attachment-large size-large wp-image-15938\" alt=\"\" srcset=\"https:\/\/report-youthhostel.ch\/2024\/wp-content\/uploads\/sites\/6\/sjh-2024-fokus-corporate-governance-headerbild-jugendherberge-brugg.jpg 2500w, https:\/\/report-youthhostel.ch\/2024\/wp-content\/uploads\/sites\/6\/sjh-2024-fokus-corporate-governance-headerbild-jugendherberge-brugg-768x512.jpg 768w, https:\/\/report-youthhostel.ch\/2024\/wp-content\/uploads\/sites\/6\/sjh-2024-fokus-corporate-governance-headerbild-jugendherberge-brugg-1536x1024.jpg 1536w, https:\/\/report-youthhostel.ch\/2024\/wp-content\/uploads\/sites\/6\/sjh-2024-fokus-corporate-governance-headerbild-jugendherberge-brugg-2048x1366.jpg 2048w\" sizes=\"(max-width: 2500px) 100vw, 2500px\" \/> <span class=\"raven-post-image-overlay\"><\/span><\/a>\t\t<\/div>\r\n\t\t\t\t\t\t<div class=\"raven-post-content\">\r\n\t\t\t\t\t<h3 class=\"raven-post-title\"><a class=\"raven-post-title-link\" href=\"https:\/\/report-youthhostel.ch\/2024\/fr\/avant-propos\/gouvernance-dentreprise\/\">Gouvernance d\u2019entreprise<\/a><\/h3>\t\t\t\t<\/div>\r\n\t\t\t<\/div>\r\n\t\t<\/div>\r\n\t\t\t\t<div class=\"raven-grid-item raven-post-item post-9285 page type-page status-publish has-post-thumbnail hentry\">\r\n\t\t\t<div class=\"raven-post elementor-animation-grow\">\r\n\t\t\t\t\t\t<div class=\"raven-post-image-wrap\">\r\n\t\t\t<a class=\"raven-post-image raven-image-fit\" href=\"https:\/\/report-youthhostel.ch\/2024\/rueckblick-und-ausblick\/\"><img loading=\"lazy\" decoding=\"async\" width=\"2500\" height=\"1667\" src=\"https:\/\/report-youthhostel.ch\/2024\/wp-content\/uploads\/sites\/6\/Modellbild-Jugendherberge-Genf-2026-Aussenansicht-Rendering-01-1_sRGB.jpg\" class=\"attachment-large size-large wp-image-16305\" alt=\"\" srcset=\"https:\/\/report-youthhostel.ch\/2024\/wp-content\/uploads\/sites\/6\/Modellbild-Jugendherberge-Genf-2026-Aussenansicht-Rendering-01-1_sRGB.jpg 2500w, https:\/\/report-youthhostel.ch\/2024\/wp-content\/uploads\/sites\/6\/Modellbild-Jugendherberge-Genf-2026-Aussenansicht-Rendering-01-1_sRGB-768x512.jpg 768w, https:\/\/report-youthhostel.ch\/2024\/wp-content\/uploads\/sites\/6\/Modellbild-Jugendherberge-Genf-2026-Aussenansicht-Rendering-01-1_sRGB-1536x1024.jpg 1536w, https:\/\/report-youthhostel.ch\/2024\/wp-content\/uploads\/sites\/6\/Modellbild-Jugendherberge-Genf-2026-Aussenansicht-Rendering-01-1_sRGB-2048x1366.jpg 2048w\" sizes=\"(max-width: 2500px) 100vw, 2500px\" \/> <span class=\"raven-post-image-overlay\"><\/span><\/a>\t\t<\/div>\r\n\t\t\t\t\t\t<div class=\"raven-post-content\">\r\n\t\t\t\t\t<h3 class=\"raven-post-title\"><a class=\"raven-post-title-link\" href=\"https:\/\/report-youthhostel.ch\/2024\/rueckblick-und-ausblick\/\">R\u00fcckblick &#038; Ausblick<\/a><\/h3>\t\t\t\t<\/div>\r\n\t\t\t<\/div>\r\n\t\t<\/div>\r\n\t\t\t\t<\/div>\r\n\t\t\t\t\t\t<\/div>\n\t\t\t\t<\/div>\n\t\t\t\t<div class=\"elementor-element elementor-element-938b8d6 elementor-widget elementor-widget-spacer\" data-id=\"938b8d6\" data-element_type=\"widget\" data-widget_type=\"spacer.default\">\n\t\t\t\t<div class=\"elementor-widget-container\">\n\t\t\t\t\t\t\t<div class=\"elementor-spacer\">\n\t\t\t<div class=\"elementor-spacer-inner\"><\/div>\n\t\t<\/div>\n\t\t\t\t\t\t<\/div>\n\t\t\t\t<\/div>\n\t\t\t\t\t<\/div>\n\t\t\t\t<\/div>\n\t\t\t\t<\/div>\n\t\t\t\t<\/div>\n\t\t\t\t\t\t<\/div>\n\t\t\t\t<\/div>\n\t\t\t\t\t<\/div>\n\t\t\t\t<\/div>\n\t\t\t\t<\/div>\n\t\t","protected":false},"excerpt":{"rendered":"<p>Corporate Governance Grunds\u00e4tze der Unternehmensf\u00fchrung Dank unseren nationalen und internationalen Partnerschaften bieten wir einen echten Mehrwert f\u00fcr alle. Wir machen einen Unterschied, indem wir gemeinsam Ideen ausarbeiten und die gleichen Ziele verfolgen. Unsere \u00dcberzeugungen, Ziele und Resultate zeigen wir der \u00d6ffentlichkeit transparent und grundehrlich. Jugendherberge Brugg Die Corporate Governance-Richtlinien der Schweizer Jugendherbergen bestehen aus den [&hellip;]<\/p>\n","protected":false},"author":1,"featured_media":15938,"parent":9297,"menu_order":7,"comment_status":"closed","ping_status":"closed","template":"elementor_header_footer","meta":{"footnotes":""},"class_list":["post-9261","page","type-page","status-publish","has-post-thumbnail","hentry"],"_links":{"self":[{"href":"https:\/\/report-youthhostel.ch\/2024\/wp-json\/wp\/v2\/pages\/9261","targetHints":{"allow":["GET"]}}],"collection":[{"href":"https:\/\/report-youthhostel.ch\/2024\/wp-json\/wp\/v2\/pages"}],"about":[{"href":"https:\/\/report-youthhostel.ch\/2024\/wp-json\/wp\/v2\/types\/page"}],"author":[{"embeddable":true,"href":"https:\/\/report-youthhostel.ch\/2024\/wp-json\/wp\/v2\/users\/1"}],"replies":[{"embeddable":true,"href":"https:\/\/report-youthhostel.ch\/2024\/wp-json\/wp\/v2\/comments?post=9261"}],"version-history":[{"count":342,"href":"https:\/\/report-youthhostel.ch\/2024\/wp-json\/wp\/v2\/pages\/9261\/revisions"}],"predecessor-version":[{"id":18090,"href":"https:\/\/report-youthhostel.ch\/2024\/wp-json\/wp\/v2\/pages\/9261\/revisions\/18090"}],"up":[{"embeddable":true,"href":"https:\/\/report-youthhostel.ch\/2024\/wp-json\/wp\/v2\/pages\/9297"}],"wp:featuredmedia":[{"embeddable":true,"href":"https:\/\/report-youthhostel.ch\/2024\/wp-json\/wp\/v2\/media\/15938"}],"wp:attachment":[{"href":"https:\/\/report-youthhostel.ch\/2024\/wp-json\/wp\/v2\/media?parent=9261"}],"curies":[{"name":"wp","href":"https:\/\/api.w.org\/{rel}","templated":true}]}}